{"version":"1.0","provider_name":"Lamello","provider_url":"https:\/\/www.lamello.hu\/de\/","author_name":"admin","author_url":"https:\/\/www.lamello.hu\/de\/author\/admin\/","title":"1. die Ausstellung f\u00fcr M\u00f6bel, Lampen und Heimtextilien - Lamello","type":"rich","width":600,"height":338,"html":"<blockquote class=\"wp-embedded-content\" data-secret=\"5R57gXGVI4\"><a href=\"https:\/\/www.lamello.hu\/de\/1-die-ausstellung-fuer-moebel-lampen-und-heimtextilien\/\">1. die Ausstellung f\u00fcr M\u00f6bel, Lampen und Heimtextilien<\/a><\/blockquote><iframe sandbox=\"allow-scripts\" security=\"restricted\" src=\"https:\/\/www.lamello.hu\/de\/1-die-ausstellung-fuer-moebel-lampen-und-heimtextilien\/embed\/#?secret=5R57gXGVI4\" width=\"600\" height=\"338\" title=\"&#8222;1. die Ausstellung f\u00fcr M\u00f6bel, Lampen und Heimtextilien&#8220; &#8211; Lamello\" data-secret=\"5R57gXGVI4\" frameborder=\"0\" marginwidth=\"0\" marginheight=\"0\" scrolling=\"no\" class=\"wp-embedded-content\"><\/iframe><script type=\"text\/javascript\">\n\/* <![CDATA[ *\/\n\/*! This file is auto-generated *\/\n!function(d,l){\"use strict\";l.querySelector&&d.addEventListener&&\"undefined\"!=typeof URL&&(d.wp=d.wp||{},d.wp.receiveEmbedMessage||(d.wp.receiveEmbedMessage=function(e){var t=e.data;if((t||t.secret||t.message||t.value)&&!\/[^a-zA-Z0-9]\/.test(t.secret)){for(var s,r,n,a=l.querySelectorAll('iframe[data-secret=\"'+t.secret+'\"]'),o=l.querySelectorAll('blockquote[data-secret=\"'+t.secret+'\"]'),c=new RegExp(\"^https?:$\",\"i\"),i=0;i<o.length;i++)o[i].style.display=\"none\";for(i=0;i<a.length;i++)s=a[i],e.source===s.contentWindow&&(s.removeAttribute(\"style\"),\"height\"===t.message?(1e3<(r=parseInt(t.value,10))?r=1e3:~~r<200&&(r=200),s.height=r):\"link\"===t.message&&(r=new URL(s.getAttribute(\"src\")),n=new URL(t.value),c.test(n.protocol))&&n.host===r.host&&l.activeElement===s&&(d.top.location.href=t.value))}},d.addEventListener(\"message\",d.wp.receiveEmbedMessage,!1),l.addEventListener(\"DOMContentLoaded\",function(){for(var e,t,s=l.querySelectorAll(\"iframe.wp-embedded-content\"),r=0;r<s.length;r++)(t=(e=s[r]).getAttribute(\"data-secret\"))||(t=Math.random().toString(36).substring(2,12),e.src+=\"#?secret=\"+t,e.setAttribute(\"data-secret\",t)),e.contentWindow.postMessage({message:\"ready\",secret:t},\"*\")},!1)))}(window,document);\n\/\/# sourceURL=https:\/\/www.lamello.hu\/wp-includes\/js\/wp-embed.min.js\n\/* ]]> *\/\n<\/script>\n","thumbnail_url":"https:\/\/www.lamello.hu\/wp-content\/uploads\/2025\/08\/01-scaled.jpg","thumbnail_width":2560,"thumbnail_height":1696,"description":"Wir haben gro\u00df gedacht und an der allerersten Ausstellung f\u00fcr M\u00f6bel, Lampen und Heimtextilien teilgenommen, die von HOMEINFO organisiert wurde. Da wir seit Jahren nicht mehr an einer \u00e4hnlichen Veranstaltung teilgenommen hatten, waren wir sehr neugierig. Der anf\u00e4ngliche Enthusiasmus wurde schnell von einer gesunden Aufregung abgel\u00f6st, um alles perfekt, p\u00fcnktlich und auf eine tolle Art [&hellip;]"}